{"id":727,"date":"2020-07-17T14:57:48","date_gmt":"2020-07-17T14:57:48","guid":{"rendered":"https:\/\/www.paatoimittajat.fi\/?page_id=727"},"modified":"2020-07-17T14:57:49","modified_gmt":"2020-07-17T14:57:49","slug":"upphovsratten","status":"publish","type":"page","link":"https:\/\/www.paatoimittajat.fi\/sv\/upphovsratten\/","title":{"rendered":"Upphovsr\u00e4tten"},"content":{"rendered":"\n<h1 class=\"wp-block-heading\">Upphovsman och anv\u00e4ndarinformation f\u00f6r inneh\u00e5llet p\u00e5 denna webbsida<\/h1>\n\n\n\n<p>V\u00e5r webbplats har material som \u00e4r skyddat av upphovsr\u00e4tten.<\/p>\n\n\n\n<p><strong>Utgivare<\/strong><br>\u00a9 Chefredakt\u00f6rernas f\u00f6rening r.y.<\/p>\n\n\n\n<p><strong>Bilder<\/strong><br>Flera upphovsm\u00e4n. Uppgifter om upphovsm\u00e4n har angivits i samband med materialet.<\/p>\n\n\n\n<p><strong>Hur f\u00e5r man anv\u00e4nda materialet p\u00e5 webbplatsen?<\/strong><br>Upphovsr\u00e4ttslagen till\u00e5ter kopiering av ett utgivet verk f\u00f6r privat bruk, att g\u00f6ra korta citat samt att visa annat \u00e4n videon och sk\u00e5despel i undervisningen. Mer information om vad upphovsr\u00e4ttslagen till\u00e5ter hittar du <a aria-label=\"undefined (opens in a new tab)\" href=\"https:\/\/www.kopiosto.fi\/sv\/kopiosto\/information-om-upphovsratt\/upphovsrattens-abc\/\" target=\"_blank\" rel=\"noreferrer noopener\">h\u00e4r<\/a>.<\/p>\n\n\n\n<p><strong>Bild- och textinneh\u00e5ll:<\/strong><br>Man f\u00e5r fritt skriva ut, dela och kopiera bild- och textmaterialet f\u00f6r personligt bruk och f\u00f6r icke-kommersiellt undervisningsbruk.<\/p>\n\n\n\n<p><strong>Videon p\u00e5 webbplatsen:<\/strong><br>F\u00f6r offentlig visning av videon p\u00e5 webbplatsen kr\u00e4vs tillst\u00e5nd av r\u00e4ttsinnehavaren.<\/p>\n\n\n\n<p><strong>Musik- och ljudfiler p\u00e5 webbplatsen:<\/strong><br>Musik- och ljudfiler f\u00e5r spelas upp f\u00f6r icke-kommersiell undervisning i enlighet med upphovsr\u00e4ttslagen. F\u00f6r \u00f6vrig anv\u00e4ndning kr\u00e4vs tillst\u00e5nd av r\u00e4ttsinnehavaren.<\/p>\n\n\n\n<p>F\u00f6r \u00f6vrig anv\u00e4ndning, modifiering och delning av inneh\u00e5llet <a href=\"mailto:paatoimittajat@paatoimittajat.fi\">kontakta webbplatsens r\u00e4ttsinnehavare<\/a>.<\/p>\n","protected":false},"excerpt":{"rendered":"<p>Upphovsman och anv\u00e4ndarinformation f\u00f6r inneh\u00e5llet p\u00e5 denna webbsida V\u00e5r webbplats har material som \u00e4r skyddat av upphovsr\u00e4tten. Utgivare\u00a9 Chefredakt\u00f6rernas f\u00f6rening r.y. BilderFlera upphovsm\u00e4n. Uppgifter om upphovsm\u00e4n har angivits i samband med materialet. Hur f\u00e5r man anv\u00e4nda materialet p\u00e5 webbplatsen?Upphovsr\u00e4ttslagen till\u00e5ter kopiering av ett utgivet verk f\u00f6r privat bruk, att g\u00f6ra korta citat samt att visa [&hellip;]<\/p>\n","protected":false},"author":1,"featured_media":0,"parent":0,"menu_order":0,"comment_status":"closed","ping_status":"closed","template":"","meta":{"_acf_changed":false,"footnotes":""},"class_list":["post-727","page","type-page","status-publish","hentry"],"acf":[],"yoast_head":"<!-- This site is optimized with the Yoast SEO plugin v27.5 - https:\/\/yoast.com\/product\/yoast-seo-wordpress\/ -->\n<title>Upphovsr\u00e4tten - Chefredakt\u00f6rernas f\u00f6rening<\/title>\n<meta name=\"robots\" content=\"index, follow, max-snippet:-1, max-image-preview:large, max-video-preview:-1\" \/>\n<link rel=\"canonical\" href=\"https:\/\/www.paatoimittajat.fi\/sv\/upphovsratten\/\" \/>\n<meta property=\"og:locale\" content=\"sv_SE\" \/>\n<meta property=\"og:type\" content=\"article\" \/>\n<meta property=\"og:title\" content=\"Upphovsr\u00e4tten - Chefredakt\u00f6rernas f\u00f6rening\" \/>\n<meta property=\"og:description\" content=\"Upphovsman och anv\u00e4ndarinformation f\u00f6r inneh\u00e5llet p\u00e5 denna webbsida V\u00e5r webbplats har material som \u00e4r skyddat av upphovsr\u00e4tten. Utgivare\u00a9 Chefredakt\u00f6rernas f\u00f6rening r.y. BilderFlera upphovsm\u00e4n. Uppgifter om upphovsm\u00e4n har angivits i samband med materialet. Hur f\u00e5r man anv\u00e4nda materialet p\u00e5 webbplatsen?Upphovsr\u00e4ttslagen till\u00e5ter kopiering av ett utgivet verk f\u00f6r privat bruk, att g\u00f6ra korta citat samt att visa [&hellip;]\" \/>\n<meta property=\"og:url\" content=\"https:\/\/www.paatoimittajat.fi\/sv\/upphovsratten\/\" \/>\n<meta property=\"og:site_name\" content=\"Chefredakt\u00f6rernas f\u00f6rening\" \/>\n<meta property=\"article:modified_time\" content=\"2020-07-17T14:57:49+00:00\" \/>\n<meta property=\"og:image\" content=\"https:\/\/www.paatoimittajat.fi\/wp-content\/uploads\/2021\/02\/suunta.jpg\" \/>\n\t<meta property=\"og:image:width\" content=\"1816\" \/>\n\t<meta property=\"og:image:height\" content=\"1333\" \/>\n\t<meta property=\"og:image:type\" content=\"image\/jpeg\" \/>\n<meta name=\"twitter:card\" content=\"summary_large_image\" \/>\n<meta name=\"twitter:label1\" content=\"Ber\u00e4knad l\u00e4stid\" \/>\n\t<meta name=\"twitter:data1\" content=\"1 minut\" \/>\n<script type=\"application\/ld+json\" class=\"yoast-schema-graph\">{\"@context\":\"https:\\\/\\\/schema.org\",\"@graph\":[{\"@type\":\"WebPage\",\"@id\":\"https:\\\/\\\/www.paatoimittajat.fi\\\/sv\\\/upphovsratten\\\/\",\"url\":\"https:\\\/\\\/www.paatoimittajat.fi\\\/sv\\\/upphovsratten\\\/\",\"name\":\"Upphovsr\u00e4tten - Chefredakt\u00f6rernas f\u00f6rening\",\"isPartOf\":{\"@id\":\"https:\\\/\\\/www.paatoimittajat.fi\\\/#website\"},\"datePublished\":\"2020-07-17T14:57:48+00:00\",\"dateModified\":\"2020-07-17T14:57:49+00:00\",\"breadcrumb\":{\"@id\":\"https:\\\/\\\/www.paatoimittajat.fi\\\/sv\\\/upphovsratten\\\/#breadcrumb\"},\"inLanguage\":\"sv-SE\",\"potentialAction\":[{\"@type\":\"ReadAction\",\"target\":[\"https:\\\/\\\/www.paatoimittajat.fi\\\/sv\\\/upphovsratten\\\/\"]}]},{\"@type\":\"BreadcrumbList\",\"@id\":\"https:\\\/\\\/www.paatoimittajat.fi\\\/sv\\\/upphovsratten\\\/#breadcrumb\",\"itemListElement\":[{\"@type\":\"ListItem\",\"position\":1,\"name\":\"Home\",\"item\":\"https:\\\/\\\/www.paatoimittajat.fi\\\/sv\\\/\"},{\"@type\":\"ListItem\",\"position\":2,\"name\":\"Upphovsr\u00e4tten\"}]},{\"@type\":\"WebSite\",\"@id\":\"https:\\\/\\\/www.paatoimittajat.fi\\\/#website\",\"url\":\"https:\\\/\\\/www.paatoimittajat.fi\\\/\",\"name\":\"Chefredakt\u00f6rernas f\u00f6rening\",\"description\":\"PTY\",\"publisher\":{\"@id\":\"https:\\\/\\\/www.paatoimittajat.fi\\\/#organization\"},\"potentialAction\":[{\"@type\":\"SearchAction\",\"target\":{\"@type\":\"EntryPoint\",\"urlTemplate\":\"https:\\\/\\\/www.paatoimittajat.fi\\\/?s={search_term_string}\"},\"query-input\":{\"@type\":\"PropertyValueSpecification\",\"valueRequired\":true,\"valueName\":\"search_term_string\"}}],\"inLanguage\":\"sv-SE\"},{\"@type\":\"Organization\",\"@id\":\"https:\\\/\\\/www.paatoimittajat.fi\\\/#organization\",\"name\":\"P\u00e4\u00e4toimittajien Yhdistys\",\"url\":\"https:\\\/\\\/www.paatoimittajat.fi\\\/\",\"logo\":{\"@type\":\"ImageObject\",\"inLanguage\":\"sv-SE\",\"@id\":\"https:\\\/\\\/www.paatoimittajat.fi\\\/#\\\/schema\\\/logo\\\/image\\\/\",\"url\":\"https:\\\/\\\/www.paatoimittajat.fi\\\/wp-content\\\/uploads\\\/2020\\\/07\\\/logo-final-small.jpg\",\"contentUrl\":\"https:\\\/\\\/www.paatoimittajat.fi\\\/wp-content\\\/uploads\\\/2020\\\/07\\\/logo-final-small.jpg\",\"width\":640,\"height\":246,\"caption\":\"P\u00e4\u00e4toimittajien Yhdistys\"},\"image\":{\"@id\":\"https:\\\/\\\/www.paatoimittajat.fi\\\/#\\\/schema\\\/logo\\\/image\\\/\"}}]}<\/script>\n<!-- \/ Yoast SEO plugin. -->","yoast_head_json":{"title":"Upphovsr\u00e4tten - Chefredakt\u00f6rernas f\u00f6rening","robots":{"index":"index","follow":"follow","max-snippet":"max-snippet:-1","max-image-preview":"max-image-preview:large","max-video-preview":"max-video-preview:-1"},"canonical":"https:\/\/www.paatoimittajat.fi\/sv\/upphovsratten\/","og_locale":"sv_SE","og_type":"article","og_title":"Upphovsr\u00e4tten - Chefredakt\u00f6rernas f\u00f6rening","og_description":"Upphovsman och anv\u00e4ndarinformation f\u00f6r inneh\u00e5llet p\u00e5 denna webbsida V\u00e5r webbplats har material som \u00e4r skyddat av upphovsr\u00e4tten. Utgivare\u00a9 Chefredakt\u00f6rernas f\u00f6rening r.y. BilderFlera upphovsm\u00e4n. Uppgifter om upphovsm\u00e4n har angivits i samband med materialet. Hur f\u00e5r man anv\u00e4nda materialet p\u00e5 webbplatsen?Upphovsr\u00e4ttslagen till\u00e5ter kopiering av ett utgivet verk f\u00f6r privat bruk, att g\u00f6ra korta citat samt att visa [&hellip;]","og_url":"https:\/\/www.paatoimittajat.fi\/sv\/upphovsratten\/","og_site_name":"Chefredakt\u00f6rernas f\u00f6rening","article_modified_time":"2020-07-17T14:57:49+00:00","og_image":[{"width":1816,"height":1333,"url":"https:\/\/www.paatoimittajat.fi\/wp-content\/uploads\/2021\/02\/suunta.jpg","type":"image\/jpeg"}],"twitter_card":"summary_large_image","twitter_misc":{"Ber\u00e4knad l\u00e4stid":"1 minut"},"schema":{"@context":"https:\/\/schema.org","@graph":[{"@type":"WebPage","@id":"https:\/\/www.paatoimittajat.fi\/sv\/upphovsratten\/","url":"https:\/\/www.paatoimittajat.fi\/sv\/upphovsratten\/","name":"Upphovsr\u00e4tten - Chefredakt\u00f6rernas f\u00f6rening","isPartOf":{"@id":"https:\/\/www.paatoimittajat.fi\/#website"},"datePublished":"2020-07-17T14:57:48+00:00","dateModified":"2020-07-17T14:57:49+00:00","breadcrumb":{"@id":"https:\/\/www.paatoimittajat.fi\/sv\/upphovsratten\/#breadcrumb"},"inLanguage":"sv-SE","potentialAction":[{"@type":"ReadAction","target":["https:\/\/www.paatoimittajat.fi\/sv\/upphovsratten\/"]}]},{"@type":"BreadcrumbList","@id":"https:\/\/www.paatoimittajat.fi\/sv\/upphovsratten\/#breadcrumb","itemListElement":[{"@type":"ListItem","position":1,"name":"Home","item":"https:\/\/www.paatoimittajat.fi\/sv\/"},{"@type":"ListItem","position":2,"name":"Upphovsr\u00e4tten"}]},{"@type":"WebSite","@id":"https:\/\/www.paatoimittajat.fi\/#website","url":"https:\/\/www.paatoimittajat.fi\/","name":"Chefredakt\u00f6rernas f\u00f6rening","description":"PTY","publisher":{"@id":"https:\/\/www.paatoimittajat.fi\/#organization"},"potentialAction":[{"@type":"SearchAction","target":{"@type":"EntryPoint","urlTemplate":"https:\/\/www.paatoimittajat.fi\/?s={search_term_string}"},"query-input":{"@type":"PropertyValueSpecification","valueRequired":true,"valueName":"search_term_string"}}],"inLanguage":"sv-SE"},{"@type":"Organization","@id":"https:\/\/www.paatoimittajat.fi\/#organization","name":"P\u00e4\u00e4toimittajien Yhdistys","url":"https:\/\/www.paatoimittajat.fi\/","logo":{"@type":"ImageObject","inLanguage":"sv-SE","@id":"https:\/\/www.paatoimittajat.fi\/#\/schema\/logo\/image\/","url":"https:\/\/www.paatoimittajat.fi\/wp-content\/uploads\/2020\/07\/logo-final-small.jpg","contentUrl":"https:\/\/www.paatoimittajat.fi\/wp-content\/uploads\/2020\/07\/logo-final-small.jpg","width":640,"height":246,"caption":"P\u00e4\u00e4toimittajien Yhdistys"},"image":{"@id":"https:\/\/www.paatoimittajat.fi\/#\/schema\/logo\/image\/"}}]}},"_links":{"self":[{"href":"https:\/\/www.paatoimittajat.fi\/sv\/wp-json\/wp\/v2\/pages\/727","targetHints":{"allow":["GET"]}}],"collection":[{"href":"https:\/\/www.paatoimittajat.fi\/sv\/wp-json\/wp\/v2\/pages"}],"about":[{"href":"https:\/\/www.paatoimittajat.fi\/sv\/wp-json\/wp\/v2\/types\/page"}],"author":[{"embeddable":true,"href":"https:\/\/www.paatoimittajat.fi\/sv\/wp-json\/wp\/v2\/users\/1"}],"replies":[{"embeddable":true,"href":"https:\/\/www.paatoimittajat.fi\/sv\/wp-json\/wp\/v2\/comments?post=727"}],"version-history":[{"count":1,"href":"https:\/\/www.paatoimittajat.fi\/sv\/wp-json\/wp\/v2\/pages\/727\/revisions"}],"predecessor-version":[{"id":728,"href":"https:\/\/www.paatoimittajat.fi\/sv\/wp-json\/wp\/v2\/pages\/727\/revisions\/728"}],"wp:attachment":[{"href":"https:\/\/www.paatoimittajat.fi\/sv\/wp-json\/wp\/v2\/media?parent=727"}],"curies":[{"name":"wp","href":"https:\/\/api.w.org\/{rel}","templated":true}]}}